{"id":654,"date":"2021-01-26T16:02:31","date_gmt":"2021-01-26T15:02:31","guid":{"rendered":"https:\/\/www.info-sociale.ch\/problemes-de-logement\/"},"modified":"2023-08-25T10:22:45","modified_gmt":"2023-08-25T08:22:45","slug":"aide-au-logement","status":"publish","type":"page","link":"https:\/\/www.info-sociale.ch\/es\/aide-au-logement\/","title":{"rendered":"Asistencia en temas de vivienda"},"content":{"rendered":"\n<h2 class=\"wp-block-heading\"><strong>ASLOCA<\/strong><\/h2>\n\n\n\n<div class=\"wp-block-columns is-layout-flex wp-container-core-columns-is-layout-9d6595d7 wp-block-columns-is-layout-flex\">\n<div class=\"wp-block-column is-layout-flow wp-block-column-is-layout-flow\" style=\"flex-basis:66.66%\">\n<h5 class=\"wp-block-heading\"><strong>ASLOCA es una asociaci\u00f3n privada e independiente cuyo objetivo es defender los derechos de los inquilinos.<\/strong><\/h5>\n\n\n\n<p><\/p>\n\n\n\n<p><strong>Requisitos de acceso : <br><\/strong>ser miembro de la asociaci\u00f3n, rellenando el <a href=\"https:\/\/geneve.asloca.ch\/adhesion\" target=\"_blank\" rel=\"noreferrer noopener\">formulario de inscripci\u00f3n<\/a> y abonando una cuota anual.<\/p>\n<\/div>\n\n\n\n<div class=\"wp-block-column col-infos is-layout-flow wp-block-column-is-layout-flow\" style=\"flex-basis:33.33%\">\n<p><strong>Informaci\u00f3n pr\u00e1ctica :<\/strong><\/p>\n\n\n\n<p>Rue du Lac 12, 3er piso,<br>1207 Ginebra<br>Tel\u00e9fono : <a href=\"tel:0227161800\">022\u00a0716 18 00<\/a><br><a href=\"mailto:geneve@asloca.ch\">geneve@asloca.ch<\/a><\/p>\n\n\n\n<p>Asistencia jur\u00eddica, solo con cita previa, de lunes a viernes de 9:00 a 12:00 y de 14:00 a 16:30.<\/p>\n\n\n\n<p><\/p>\n\n\n\n<p class=\"external-link has-white-color has-text-color\">Para m\u00e1s informaci\u00f3n : <a href=\"https:\/\/www.asloca.ch\/geneve\/\" target=\"_blank\" rel=\"noreferrer noopener\">p\u00e1gina web de ASLOCA Ginebra<\/a><\/p>\n<\/div>\n<\/div>\n\n\n\n<div style=\"height:50px\" aria-hidden=\"true\" class=\"wp-block-spacer\"><\/div>\n\n\n\n<div class=\"wp-block-cover alignfull is-light\"><span aria-hidden=\"true\" class=\"wp-block-cover__background has-background-dim-100 has-background-dim\" style=\"background-color:#f2d3df\"><\/span><div class=\"wp-block-cover__inner-container is-layout-flow wp-block-cover-is-layout-flow\">\n<div style=\"height:50px\" aria-hidden=\"true\" class=\"wp-block-spacer\"><\/div>\n\n\n\n<h2 class=\"wp-block-heading has-text-color\" style=\"color:#ea6fa1\"><strong><strong>Asociaci\u00f3n para la defensa de la vivienda de personas en situaci\u00f3n precaria (ASLPP)<\/strong><\/strong><\/h2>\n\n\n\n<div class=\"wp-block-columns is-layout-flex wp-container-core-columns-is-layout-9d6595d7 wp-block-columns-is-layout-flex\">\n<div class=\"wp-block-column is-layout-flow wp-block-column-is-layout-flow\" style=\"flex-basis:66.66%\">\n<h5 class=\"wp-block-heading has-black-color has-text-color\"><strong>La asociaci\u00f3n asesora y ayuda a las personas afectadas en la realizaci\u00f3n de tr\u00e1mites y act\u00faa como mediadora en el trato con arrendadores.<\/strong><\/h5>\n<\/div>\n\n\n\n<div class=\"wp-block-column col-infos is-layout-flow wp-block-column-is-layout-flow\" style=\"flex-basis:33.33%\">\n<p class=\"has-white-color has-text-color\"><strong>Informaci\u00f3n pr\u00e1ctica : <\/strong><\/p>\n\n\n\n<p class=\"has-white-color has-text-color\">Maison Internationale des Associations<br>Rue des Savoises 15<br>1205 Ginebra<br>Tel\u00e9fono : <a href=\"tel:0775117292\">077&nbsp;511 72 92<\/a><br>(solo con cita previa)<\/p>\n\n\n\n<p class=\"has-white-color has-text-color\">L\u00ednea telef\u00f3nica directa, de lunes a viernes de 9:00 a 12:00<\/p>\n<\/div>\n<\/div>\n\n\n\n<div style=\"height:50px\" aria-hidden=\"true\" class=\"wp-block-spacer\"><\/div>\n<\/div><\/div>\n\n\n\n<div style=\"height:50px\" aria-hidden=\"true\" class=\"wp-block-spacer\"><\/div>\n\n\n\n<h2 class=\"wp-block-heading\"><strong><strong>Secr\u00e9tariat des Fondations Immobili\u00e8res de Droit Public (SFIDP)<\/strong><\/strong><\/h2>\n\n\n\n<div class=\"wp-block-columns is-layout-flex wp-container-core-columns-is-layout-9d6595d7 wp-block-columns-is-layout-flex\">\n<div class=\"wp-block-column is-layout-flow wp-block-column-is-layout-flow\" style=\"flex-basis:66.66%\">\n<h5 class=\"wp-block-heading\"><strong><strong>Esta secretar\u00eda es la oficina cantonal en la que es posible presentar una solicitud de vivienda de utilidad p\u00fablica.<\/strong><\/strong><\/h5>\n<\/div>\n\n\n\n<div class=\"wp-block-column col-infos is-layout-flow wp-block-column-is-layout-flow\" style=\"flex-basis:33.33%\">\n<p><strong>Informaci\u00f3n pr\u00e1ctica :<\/strong><\/p>\n\n\n\n<p>11, Avenue de sainte-Clotilde<br>1205 Ginebra<br>Tel\u00e9fono : <a href=\"tel:0228070999\">022 807 09 99<\/a><\/p>\n\n\n\n<p>Todos los d\u00edas laborables.<\/p>\n\n\n\n<p>Horario de apertura de las ventanillas: de 9:00 a 13:00 ininterrumpidamente.<\/p>\n\n\n\n<p>Atenci\u00f3n telef\u00f3nica : de 9:00 a 12:00 y de 14:00 a 16:00.<\/p>\n\n\n\n<p><\/p>\n\n\n\n<p>Para m\u00e1s informaci\u00f3n : <a href=\"https:\/\/www.fidp.ch\/\">p\u00e1gina web de Fondations immobili\u00e8res de droit public<\/a><\/p>\n<\/div>\n<\/div>\n\n\n\n<div style=\"height:50px\" aria-hidden=\"true\" class=\"wp-block-spacer\"><\/div>\n\n\n\n<div class=\"wp-block-cover alignfull is-light\"><span aria-hidden=\"true\" class=\"wp-block-cover__background has-background-dim-100 has-background-dim\" style=\"background-color:#f2d3df\"><\/span><div class=\"wp-block-cover__inner-container is-layout-flow wp-block-cover-is-layout-flow\">\n<div style=\"height:50px\" aria-hidden=\"true\" class=\"wp-block-spacer\"><\/div>\n\n\n\n<h2 class=\"wp-block-heading has-text-color\" style=\"color:#ea6fa1\"><strong>Oficina inmobiliaria de la Ciudad de Ginebra<\/strong><\/h2>\n\n\n\n<div class=\"wp-block-columns is-layout-flex wp-container-core-columns-is-layout-9d6595d7 wp-block-columns-is-layout-flex\">\n<div class=\"wp-block-column is-layout-flow wp-block-column-is-layout-flow\" style=\"flex-basis:66.66%\">\n<h5 class=\"wp-block-heading has-black-color has-text-color\"><strong>La oficina inmobiliaria de la Ciudad de Ginebra (GIM) ofrece viviendas de tipo social o de alquiler libre.<\/strong><\/h5>\n<\/div>\n\n\n\n<div class=\"wp-block-column col-infos has-white-color has-text-color is-layout-flow wp-block-column-is-layout-flow\" style=\"flex-basis:33.33%\">\n<p class=\"has-white-color has-text-color\"><strong>Informaci\u00f3n pr\u00e1ctica : <\/strong><\/p>\n\n\n\n<p class=\"has-white-color has-text-color\">5, Rue de l&#8217;H\u00f4tel-de-Ville<br>1204 Ginebra<br>Tel\u00e9fono : <a href=\"tel:022 418 34 05\">022 418 34 05<\/a><\/p>\n\n\n\n<p class=\"has-white-color has-text-color\">Recepci\u00f3n en la planta baja de lunes a viernes, de 10:30 a 12:30 y de 13:30 a 14:30.<\/p>\n\n\n\n<p>Horario de la recepci\u00f3n de la GIM con cita previa : <br>de lunes a viernes de 9:00 a 12:30 y de 13:30 a 16:00, en la primera planta.<\/p>\n\n\n\n<p><\/p>\n\n\n\n<p>Para m\u00e1s informaci\u00f3n : <a href=\"https:\/\/www.geneve.ch\/fr\/autorites-administration\/administration-municipale\/departement-finances-environnement-logement\/services-municipaux\/gerance-immobiliere-municipale\">p\u00e1gina web de la GIM<\/a><\/p>\n<\/div>\n<\/div>\n\n\n\n<div style=\"height:50px\" aria-hidden=\"true\" class=\"wp-block-spacer\"><\/div>\n<\/div><\/div>\n\n\n\n<div style=\"height:50px\" aria-hidden=\"true\" class=\"wp-block-spacer\"><\/div>\n\n\n\n<h2 class=\"wp-block-heading\"><strong><strong>Unidad de alojamiento temporal<\/strong><\/strong><\/h2>\n\n\n\n<div class=\"wp-block-columns is-layout-flex wp-container-core-columns-is-layout-9d6595d7 wp-block-columns-is-layout-flex\">\n<div class=\"wp-block-column is-layout-flow wp-block-column-is-layout-flow\" style=\"flex-basis:66.66%\">\n<h5 class=\"wp-block-heading\"><strong>La unidad de alojamiento temporal (ULT) gestiona el alojamiento temporal de las personas en situaci\u00f3n de precariedad grave.<\/strong><\/h5>\n<\/div>\n\n\n\n<div class=\"wp-block-column col-infos is-layout-flow wp-block-column-is-layout-flow\" style=\"flex-basis:33.33%\">\n<p><strong>Informaci\u00f3n pr\u00e1ctica :<\/strong><\/p>\n\n\n\n<p>2, Boulevard Carl-VOGT<br>1205 Ginebra<\/p>\n\n\n\n<p>El servicio de atenci\u00f3n de la ULT est\u00e1 disponible todos los jueves por la ma\u00f1ana, con cita previa.<\/p>\n\n\n\n<p>Para solicitar una cita previa, hay que llamar al tel\u00e9fono <a href=\"tel:0224189860\">022 418 98 60<\/a> :<br>de lunes a viernes de 9:00 a 12:00 (excepto el jueves por la ma\u00f1ana) y de 14.00 a 16.00.<\/p>\n\n\n\n<p><\/p>\n\n\n\n<p>Para m\u00e1s informaci\u00f3n : <a href=\"https:\/\/www.geneve.ch\/fr\/unite-logement-temporaire\">p\u00e1gina web de l&#8217;ULT<\/a><\/p>\n<\/div>\n<\/div>\n\n\n\n<div style=\"height:50px\" aria-hidden=\"true\" class=\"wp-block-spacer\"><\/div>\n\n\n\n<div class=\"wp-block-cover alignfull is-light\"><span aria-hidden=\"true\" class=\"wp-block-cover__background has-background-dim-100 has-background-dim\" style=\"background-color:#f2d3df\"><\/span><div class=\"wp-block-cover__inner-container is-layout-flow wp-block-cover-is-layout-flow\">\n<div style=\"height:50px\" aria-hidden=\"true\" class=\"wp-block-spacer\"><\/div>\n\n\n\n<h2 class=\"wp-block-heading has-text-color\" style=\"color:#ea6fa1\"><strong><strong><strong><strong><strong>Fundaci\u00f3n de la Ciudad de Ginebra para la vivienda social (FVGLS)<\/strong><\/strong><\/strong><\/strong><\/strong><\/h2>\n\n\n\n<div class=\"wp-block-columns is-layout-flex wp-container-core-columns-is-layout-9d6595d7 wp-block-columns-is-layout-flex\">\n<div class=\"wp-block-column is-layout-flow wp-block-column-is-layout-flow\" style=\"flex-basis:66.66%\">\n<h5 class=\"wp-block-heading has-black-color has-text-color\"><strong>La misi\u00f3n de esta asociaci\u00f3n es desarrollar el parque inmobiliario de alquiler econ\u00f3mico de Ginebra.<\/strong><\/h5>\n<\/div>\n\n\n\n<div class=\"wp-block-column col-infos has-white-color has-text-color is-layout-flow wp-block-column-is-layout-flow\" style=\"flex-basis:33.33%\">\n<p class=\"has-white-color has-text-color\"><strong>Informaci\u00f3n pr\u00e1ctica : <\/strong><\/p>\n\n\n\n<p class=\"has-white-color has-text-color\">Gesti\u00f3n Pilet &amp; Renaud<br>2, Boulvard Georges-Favon<br>1204 Ginebra<br>Tel\u00e9fono : <a href=\"tel:022 322 55 31\">022 322 55 31<\/a><\/p>\n\n\n\n<p>Horario de atenci\u00f3n de la ventanilla :<br>Lunes : 9:00 &#8211; 11:00, <br>mi\u00e9rcoles : 14:00 &#8211; 17:00<br>viernes : 9:00 &#8211; 12:00<\/p>\n\n\n\n<p><\/p>\n\n\n\n<p>Gesti\u00f3n Brolliet<br>36, Avenue Cardinal-Mermillod<br>1204 Ginebra<br>Tel\u00e9fono : <a href=\"tel:058 201 33 44\">058 201 33 44<\/a><\/p>\n\n\n\n<p>Horario de atenci\u00f3n de la ventanilla :<br>Lunes, jueves y viernes por la ma\u00f1ana de 9:00 a 12:00.<\/p>\n\n\n\n<p><\/p>\n\n\n\n<p>Para m\u00e1s informaci\u00f3n : <a href=\"https:\/\/fvgls.ch\/\">p\u00e1gina web de la FVGLS<\/a><\/p>\n<\/div>\n<\/div>\n\n\n\n<div style=\"height:50px\" aria-hidden=\"true\" class=\"wp-block-spacer\"><\/div>\n<\/div><\/div>\n","protected":false},"excerpt":{"rendered":"<p>ASLOCA ASLOCA es una asociaci\u00f3n privada e independiente cuyo objetivo es defender los derechos de los inquilinos. Requisitos de acceso : ser miembro de la asociaci\u00f3n, rellenando el formulario de inscripci\u00f3n y abonando una cuota anual. Informaci\u00f3n pr\u00e1ctica : Rue du Lac 12, 3er piso,1207 GinebraTel\u00e9fono : 022\u00a0716 18 00geneve@asloca.ch Asistencia jur\u00eddica, solo con cita [&hellip;]<\/p>\n","protected":false},"author":1,"featured_media":0,"parent":0,"menu_order":0,"comment_status":"closed","ping_status":"closed","template":"","meta":{"_acf_changed":false,"inline_featured_image":false,"footnotes":""},"class_list":["post-654","page","type-page","status-publish","hentry"],"acf":[],"yoast_head":"<!-- This site is optimized with the Yoast SEO plugin v26.7 - https:\/\/yoast.com\/wordpress\/plugins\/seo\/ -->\n<title>Asistencia en temas de vivienda - BIS<\/title>\n<meta name=\"robots\" content=\"index, follow, max-snippet:-1, max-image-preview:large, max-video-preview:-1\" \/>\n<link rel=\"canonical\" href=\"https:\/\/www.info-sociale.ch\/es\/aide-au-logement\/\" \/>\n<meta property=\"og:locale\" content=\"es_ES\" \/>\n<meta property=\"og:type\" content=\"article\" \/>\n<meta property=\"og:title\" content=\"Asistencia en temas de vivienda - BIS\" \/>\n<meta property=\"og:description\" content=\"ASLOCA ASLOCA es una asociaci\u00f3n privada e independiente cuyo objetivo es defender los derechos de los inquilinos. Requisitos de acceso : ser miembro de la asociaci\u00f3n, rellenando el formulario de inscripci\u00f3n y abonando una cuota anual. Informaci\u00f3n pr\u00e1ctica : Rue du Lac 12, 3er piso,1207 GinebraTel\u00e9fono : 022\u00a0716 18 00geneve@asloca.ch Asistencia jur\u00eddica, solo con cita [&hellip;]\" \/>\n<meta property=\"og:url\" content=\"https:\/\/www.info-sociale.ch\/es\/aide-au-logement\/\" \/>\n<meta property=\"og:site_name\" content=\"BIS\" \/>\n<meta property=\"article:modified_time\" content=\"2023-08-25T08:22:45+00:00\" \/>\n<meta property=\"og:image\" content=\"https:\/\/www.info-sociale.ch\/wp-content\/uploads\/2021\/02\/logo-bis-ver-facebook-1.png\" \/>\n\t<meta property=\"og:image:width\" content=\"1779\" \/>\n\t<meta property=\"og:image:height\" content=\"869\" \/>\n\t<meta property=\"og:image:type\" content=\"image\/png\" \/>\n<meta name=\"twitter:card\" content=\"summary_large_image\" \/>\n<meta name=\"twitter:label1\" content=\"Tiempo de lectura\" \/>\n\t<meta name=\"twitter:data1\" content=\"3 minutos\" \/>\n<script type=\"application\/ld+json\" class=\"yoast-schema-graph\">{\"@context\":\"https:\/\/schema.org\",\"@graph\":[{\"@type\":\"WebPage\",\"@id\":\"https:\/\/www.info-sociale.ch\/es\/aide-au-logement\/\",\"url\":\"https:\/\/www.info-sociale.ch\/es\/aide-au-logement\/\",\"name\":\"Asistencia en temas de vivienda - BIS\",\"isPartOf\":{\"@id\":\"https:\/\/www.info-sociale.ch\/#website\"},\"datePublished\":\"2021-01-26T15:02:31+00:00\",\"dateModified\":\"2023-08-25T08:22:45+00:00\",\"breadcrumb\":{\"@id\":\"https:\/\/www.info-sociale.ch\/es\/aide-au-logement\/#breadcrumb\"},\"inLanguage\":\"es\",\"potentialAction\":[{\"@type\":\"ReadAction\",\"target\":[\"https:\/\/www.info-sociale.ch\/es\/aide-au-logement\/\"]}]},{\"@type\":\"BreadcrumbList\",\"@id\":\"https:\/\/www.info-sociale.ch\/es\/aide-au-logement\/#breadcrumb\",\"itemListElement\":[{\"@type\":\"ListItem\",\"position\":1,\"name\":\"Home\",\"item\":\"https:\/\/www.info-sociale.ch\/es\/\"},{\"@type\":\"ListItem\",\"position\":2,\"name\":\"Asistencia en temas de vivienda\"}]},{\"@type\":\"WebSite\",\"@id\":\"https:\/\/www.info-sociale.ch\/#website\",\"url\":\"https:\/\/www.info-sociale.ch\/\",\"name\":\"BIS\",\"description\":\"Bureau d&#039;information sociale\",\"publisher\":{\"@id\":\"https:\/\/www.info-sociale.ch\/#organization\"},\"potentialAction\":[{\"@type\":\"SearchAction\",\"target\":{\"@type\":\"EntryPoint\",\"urlTemplate\":\"https:\/\/www.info-sociale.ch\/?s={search_term_string}\"},\"query-input\":{\"@type\":\"PropertyValueSpecification\",\"valueRequired\":true,\"valueName\":\"search_term_string\"}}],\"inLanguage\":\"es\"},{\"@type\":\"Organization\",\"@id\":\"https:\/\/www.info-sociale.ch\/#organization\",\"name\":\"BIS\",\"url\":\"https:\/\/www.info-sociale.ch\/\",\"logo\":{\"@type\":\"ImageObject\",\"inLanguage\":\"es\",\"@id\":\"https:\/\/www.info-sociale.ch\/#\/schema\/logo\/image\/\",\"url\":\"https:\/\/www.info-sociale.ch\/wp-content\/uploads\/2021\/01\/logo-bis-ver-1.svg\",\"contentUrl\":\"https:\/\/www.info-sociale.ch\/wp-content\/uploads\/2021\/01\/logo-bis-ver-1.svg\",\"caption\":\"BIS\"},\"image\":{\"@id\":\"https:\/\/www.info-sociale.ch\/#\/schema\/logo\/image\/\"}}]}<\/script>\n<!-- \/ Yoast SEO plugin. -->","yoast_head_json":{"title":"Asistencia en temas de vivienda - BIS","robots":{"index":"index","follow":"follow","max-snippet":"max-snippet:-1","max-image-preview":"max-image-preview:large","max-video-preview":"max-video-preview:-1"},"canonical":"https:\/\/www.info-sociale.ch\/es\/aide-au-logement\/","og_locale":"es_ES","og_type":"article","og_title":"Asistencia en temas de vivienda - BIS","og_description":"ASLOCA ASLOCA es una asociaci\u00f3n privada e independiente cuyo objetivo es defender los derechos de los inquilinos. Requisitos de acceso : ser miembro de la asociaci\u00f3n, rellenando el formulario de inscripci\u00f3n y abonando una cuota anual. Informaci\u00f3n pr\u00e1ctica : Rue du Lac 12, 3er piso,1207 GinebraTel\u00e9fono : 022\u00a0716 18 00geneve@asloca.ch Asistencia jur\u00eddica, solo con cita [&hellip;]","og_url":"https:\/\/www.info-sociale.ch\/es\/aide-au-logement\/","og_site_name":"BIS","article_modified_time":"2023-08-25T08:22:45+00:00","og_image":[{"width":1779,"height":869,"url":"https:\/\/www.info-sociale.ch\/wp-content\/uploads\/2021\/02\/logo-bis-ver-facebook-1.png","type":"image\/png"}],"twitter_card":"summary_large_image","twitter_misc":{"Tiempo de lectura":"3 minutos"},"schema":{"@context":"https:\/\/schema.org","@graph":[{"@type":"WebPage","@id":"https:\/\/www.info-sociale.ch\/es\/aide-au-logement\/","url":"https:\/\/www.info-sociale.ch\/es\/aide-au-logement\/","name":"Asistencia en temas de vivienda - BIS","isPartOf":{"@id":"https:\/\/www.info-sociale.ch\/#website"},"datePublished":"2021-01-26T15:02:31+00:00","dateModified":"2023-08-25T08:22:45+00:00","breadcrumb":{"@id":"https:\/\/www.info-sociale.ch\/es\/aide-au-logement\/#breadcrumb"},"inLanguage":"es","potentialAction":[{"@type":"ReadAction","target":["https:\/\/www.info-sociale.ch\/es\/aide-au-logement\/"]}]},{"@type":"BreadcrumbList","@id":"https:\/\/www.info-sociale.ch\/es\/aide-au-logement\/#breadcrumb","itemListElement":[{"@type":"ListItem","position":1,"name":"Home","item":"https:\/\/www.info-sociale.ch\/es\/"},{"@type":"ListItem","position":2,"name":"Asistencia en temas de vivienda"}]},{"@type":"WebSite","@id":"https:\/\/www.info-sociale.ch\/#website","url":"https:\/\/www.info-sociale.ch\/","name":"BIS","description":"Bureau d&#039;information sociale","publisher":{"@id":"https:\/\/www.info-sociale.ch\/#organization"},"potentialAction":[{"@type":"SearchAction","target":{"@type":"EntryPoint","urlTemplate":"https:\/\/www.info-sociale.ch\/?s={search_term_string}"},"query-input":{"@type":"PropertyValueSpecification","valueRequired":true,"valueName":"search_term_string"}}],"inLanguage":"es"},{"@type":"Organization","@id":"https:\/\/www.info-sociale.ch\/#organization","name":"BIS","url":"https:\/\/www.info-sociale.ch\/","logo":{"@type":"ImageObject","inLanguage":"es","@id":"https:\/\/www.info-sociale.ch\/#\/schema\/logo\/image\/","url":"https:\/\/www.info-sociale.ch\/wp-content\/uploads\/2021\/01\/logo-bis-ver-1.svg","contentUrl":"https:\/\/www.info-sociale.ch\/wp-content\/uploads\/2021\/01\/logo-bis-ver-1.svg","caption":"BIS"},"image":{"@id":"https:\/\/www.info-sociale.ch\/#\/schema\/logo\/image\/"}}]}},"_links":{"self":[{"href":"https:\/\/www.info-sociale.ch\/es\/wp-json\/wp\/v2\/pages\/654","targetHints":{"allow":["GET"]}}],"collection":[{"href":"https:\/\/www.info-sociale.ch\/es\/wp-json\/wp\/v2\/pages"}],"about":[{"href":"https:\/\/www.info-sociale.ch\/es\/wp-json\/wp\/v2\/types\/page"}],"author":[{"embeddable":true,"href":"https:\/\/www.info-sociale.ch\/es\/wp-json\/wp\/v2\/users\/1"}],"replies":[{"embeddable":true,"href":"https:\/\/www.info-sociale.ch\/es\/wp-json\/wp\/v2\/comments?post=654"}],"version-history":[{"count":28,"href":"https:\/\/www.info-sociale.ch\/es\/wp-json\/wp\/v2\/pages\/654\/revisions"}],"predecessor-version":[{"id":2637,"href":"https:\/\/www.info-sociale.ch\/es\/wp-json\/wp\/v2\/pages\/654\/revisions\/2637"}],"wp:attachment":[{"href":"https:\/\/www.info-sociale.ch\/es\/wp-json\/wp\/v2\/media?parent=654"}],"curies":[{"name":"wp","href":"https:\/\/api.w.org\/{rel}","templated":true}]}}